{"id":169,"date":"2023-04-11T17:45:43","date_gmt":"2023-04-11T22:45:43","guid":{"rendered":"https:\/\/ambquito.esteri.it\/dall_ambasciata\/"},"modified":"2023-07-20T06:07:45","modified_gmt":"2023-07-20T11:07:45","slug":"dall_ambasciata","status":"publish","type":"page","link":"https:\/\/ambquito.esteri.it\/es\/news\/dall_ambasciata\/","title":{"rendered":"De la embajada"},"content":{"rendered":"        <div class=\"row\">\n\t\t\t<!-- Ricerca sedi post -->\n\t\t\t<div class=\"col-12 mt-4\">\n\t\t\t  <div class=\"callout callout-highlight note ricerca-esteri p-4\">\n                    <div class=\"callout-title\">\n                        <svg class=\"icon\">\n                            <use xlink:href=\"https:\/\/ambquito.esteri.it\/wp-content\/themes\/sedi-tema\/assets\/svg\/sprites.svg#it-search\"><\/use>\n                        <\/svg>Introduzca sus par\u00e1metros de b\u00fasqueda                    <\/div>\n                    <form id=\"searchFormPost\" name=\"form-search-post\" class=\"form-row align-items-center\" action=\"https:\/\/ambquito.esteri.it\/es\/wp-json\/wp\/v2\/pages\/169\/\" method=\"GET\"> \n                        <!-- <div class=\"form-group pt-5\"> -->\n                            <!-- <input type=\"hidden\" id=\"lang\" name=\"lang\" value=\"\"> --> <!-- <\/div> -->\n\n                        <div class=\"it-datepicker-wrapper\">\n                            <div class=\"row\">\n                                <div class=\"form-group col-md-6\">\n                                    <label class=\"active\" for=\"date-init\">Desde el<\/label>\n                                    <input class=\"form-control\" name=\"date-init\" id=\"date-init\" type=\"date\" placeholder=\"gg\/mm\/aaaa\" value=\"\"lang=\"en-EN\">  \n                                <\/div>\n                                <div class=\"form-group col-md-6\">\n                                    <label class=\"active\" for=\"date-end\">Hacia<\/label>\n                                    <input class=\"form-control\" name=\"date-end\" id=\"date-end\" type=\"date\" placeholder=\"gg\/mm\/aaaa\" value=\"\">\n                                <\/div>\n                            <\/div>\n                        <\/div>\n                        <div class=\"form-group col-md-12 mt-3\">\n                            <label for=\"searchText\">Campo de b\u00fasqueda libre<\/label>\n                            <input type=\"text\" name=\"searchText\" class=\"form-control\" id=\"searchText\" value=\"\">\n                        <\/div>\n                        <div class=\"form-group col-md-4 offset-md-8 text-end\">\n                            <a href=\"https:\/\/ambquito.esteri.it\/es\/news\/dall_ambasciata\/\" title=\"Form reset\" id=\"resetImput\" class=\"btn btn-outline-primary btn-xs\">Reset<\/a>\n                            <button type=\"submit\" class=\"btn btn-primary btn-xs\">Mostrar resultados<\/button>\n                        <\/div>\n                    <\/form>\n\t\t\t\t<\/div>\n\t\t\t<\/div>\n\t\t<\/div>\n                    \n            <div class=\"row\">\n                            <div class=\"col-12 mt-3\">\n                <!--start card-->\n                <div class=\"card-wrapper card-space\">\n                    <div class=\"card card-bg card-big border-bottom-card\">\n                        <div class=\"card-body \">\n                                                        <div class=\"category-top\">\n                                                                                                            <span class=\"\">\n                                        <svg class=\"icon icon-secondary\">\n                                            <use xlink:href=\"https:\/\/ambquito.esteri.it\/wp-content\/themes\/sedi-tema\/assets\/svg\/sprites.svg#it-calendar\"><\/use>\n                                        <\/svg> 27 abril 2026                                    <\/span>\n                                                                    <\/div>\n                            <h5 class=\"card-title big-heading text-uppercase\"><a class=\"text-body text-decoration-none\" href=\"https:\/\/ambquito.esteri.it\/es\/news\/dall_ambasciata\/2026\/04\/el-embajador-davoli-saluda-a-laura-pausini-antes-del-concierto-en-quito\/\" title=\"El Embajador Davoli saluda a Laura Pausini antes del concierto en Quito\">El Embajador Davoli saluda a Laura Pausini antes del concierto en Quito<\/a><\/h5>\n                            <p class=\"card-text\">El Embajador de Italia en Ecuador, Giovanni Davoli, se reuni\u00f3 con Laura Pausini en Quito antes de su concierto como parte del \u201cIo Canto World Tour\u201d. El Embajador agradeci\u00f3 a la artista por incluir siempre a Ecuador en sus giras, un pa\u00eds donde Pausini es muy querida, y por representar de la mejor manera el [&hellip;]<\/p>\n                                <a title=\"El Embajador Davoli saluda a Laura Pausini antes del concierto en Quito\" class=\"read-more\" href=\"https:\/\/ambquito.esteri.it\/es\/news\/dall_ambasciata\/2026\/04\/el-embajador-davoli-saluda-a-laura-pausini-antes-del-concierto-en-quito\/\">\n                                    <span class=\"text\">Lee mas<\/span>\n                                    <svg class=\"icon\">\n                                    <use xlink:href=\"https:\/\/ambquito.esteri.it\/wp-content\/themes\/sedi-tema\/assets\/svg\/sprites.svg#it-arrow-right\"><\/use>\n                                    <\/svg>\n                                <\/a>\n                                                    <\/div>\n                    <\/div>\n                <\/div>\n                <!--end card-->\n                <\/div><!-- col-12 .mt-3-->\n                            <div class=\"col-12 mt-3\">\n                <!--start card-->\n                <div class=\"card-wrapper card-space\">\n                    <div class=\"card card-bg card-big border-bottom-card\">\n                        <div class=\"card-body \">\n                                                        <div class=\"category-top\">\n                                                                                                            <span class=\"\">\n                                        <svg class=\"icon icon-secondary\">\n                                            <use xlink:href=\"https:\/\/ambquito.esteri.it\/wp-content\/themes\/sedi-tema\/assets\/svg\/sprites.svg#it-calendar\"><\/use>\n                                        <\/svg> 22 abril 2026                                    <\/span>\n                                                                    <\/div>\n                            <h5 class=\"card-title big-heading text-uppercase\"><a class=\"text-body text-decoration-none\" href=\"https:\/\/ambquito.esteri.it\/es\/news\/dall_ambasciata\/2026\/04\/el-embajador-davoli-celebra-los-85-anos-del-grupo-generali-en-ecuador\/\" title=\"El Embajador Davoli celebra los 85 a\u00f1os del grupo Generali en Ecuador\">El Embajador Davoli celebra los 85 a\u00f1os del grupo Generali en Ecuador<\/a><\/h5>\n                            <p class=\"card-text\">El Embajador de Italia en Ecuador, Giovanni Davoli, particip\u00f3 en un evento para celebrar los 85 a\u00f1os de actividad del grupo Generali en el pa\u00eds sudamericano. El evento fue organizado por la C\u00e1mara de Comercio Italiana en el Ecuador (CCIE) con la participaci\u00f3n de numerosos empresarios vinculados a Italia. El grupo Generali Ecuador emiti\u00f3 durante [&hellip;]<\/p>\n                                <a title=\"El Embajador Davoli celebra los 85 a\u00f1os del grupo Generali en Ecuador\" class=\"read-more\" href=\"https:\/\/ambquito.esteri.it\/es\/news\/dall_ambasciata\/2026\/04\/el-embajador-davoli-celebra-los-85-anos-del-grupo-generali-en-ecuador\/\">\n                                    <span class=\"text\">Lee mas<\/span>\n                                    <svg class=\"icon\">\n                                    <use xlink:href=\"https:\/\/ambquito.esteri.it\/wp-content\/themes\/sedi-tema\/assets\/svg\/sprites.svg#it-arrow-right\"><\/use>\n                                    <\/svg>\n                                <\/a>\n                                                    <\/div>\n                    <\/div>\n                <\/div>\n                <!--end card-->\n                <\/div><!-- col-12 .mt-3-->\n                            <div class=\"col-12 mt-3\">\n                <!--start card-->\n                <div class=\"card-wrapper card-space\">\n                    <div class=\"card card-bg card-big border-bottom-card\">\n                        <div class=\"card-body \">\n                                                        <div class=\"category-top\">\n                                                                                                            <span class=\"\">\n                                        <svg class=\"icon icon-secondary\">\n                                            <use xlink:href=\"https:\/\/ambquito.esteri.it\/wp-content\/themes\/sedi-tema\/assets\/svg\/sprites.svg#it-calendar\"><\/use>\n                                        <\/svg> 21 abril 2026                                    <\/span>\n                                                                    <\/div>\n                            <h5 class=\"card-title big-heading text-uppercase\"><a class=\"text-body text-decoration-none\" href=\"https:\/\/ambquito.esteri.it\/es\/news\/dall_ambasciata\/2026\/04\/el-embajador-davoli-visita-la-academia-de-policia-nacional-del-ecuador-juntos-contra-las-mafias\/\" title=\"El Embajador Davoli visita la Academia de Polic\u00eda Nacional del Ecuador: \u201cJuntos contra las mafias\u201d\">El Embajador Davoli visita la Academia de Polic\u00eda Nacional del Ecuador: \u201cJuntos contra las mafias\u201d<\/a><\/h5>\n                            <p class=\"card-text\">El Embajador de Italia en Ecuador, Giovanni Davoli, visit\u00f3 en Quito la Universidad de Seguridad Ciudadana y Ciencias de la Polic\u00eda, la academia de oficiales de la Polic\u00eda Nacional del pa\u00eds sudamericano. El Embajador estuvo acompa\u00f1ado por el experto de la Polic\u00eda de Estado en servicio en la Embajada y por el magistrado italiano que [&hellip;]<\/p>\n                                <a title=\"El Embajador Davoli visita la Academia de Polic\u00eda Nacional del Ecuador: \u201cJuntos contra las mafias\u201d\" class=\"read-more\" href=\"https:\/\/ambquito.esteri.it\/es\/news\/dall_ambasciata\/2026\/04\/el-embajador-davoli-visita-la-academia-de-policia-nacional-del-ecuador-juntos-contra-las-mafias\/\">\n                                    <span class=\"text\">Lee mas<\/span>\n                                    <svg class=\"icon\">\n                                    <use xlink:href=\"https:\/\/ambquito.esteri.it\/wp-content\/themes\/sedi-tema\/assets\/svg\/sprites.svg#it-arrow-right\"><\/use>\n                                    <\/svg>\n                                <\/a>\n                                                    <\/div>\n                    <\/div>\n                <\/div>\n                <!--end card-->\n                <\/div><!-- col-12 .mt-3-->\n                            <div class=\"col-12 mt-3\">\n                <!--start card-->\n                <div class=\"card-wrapper card-space\">\n                    <div class=\"card card-bg card-big border-bottom-card\">\n                        <div class=\"card-body \">\n                                                        <div class=\"category-top\">\n                                                                                                            <span class=\"\">\n                                        <svg class=\"icon icon-secondary\">\n                                            <use xlink:href=\"https:\/\/ambquito.esteri.it\/wp-content\/themes\/sedi-tema\/assets\/svg\/sprites.svg#it-calendar\"><\/use>\n                                        <\/svg> 15 abril 2026                                    <\/span>\n                                                                    <\/div>\n                            <h5 class=\"card-title big-heading text-uppercase\"><a class=\"text-body text-decoration-none\" href=\"https:\/\/ambquito.esteri.it\/es\/news\/dall_ambasciata\/2026\/04\/primera-etapa-del-presidente-de-sace-guglielmo-picchi-en-america-latina\/\" title=\"Primera etapa del Presidente de SACE, Guglielmo Picchi, en Am\u00e9rica Latina\">Primera etapa del Presidente de SACE, Guglielmo Picchi, en Am\u00e9rica Latina<\/a><\/h5>\n                            <p class=\"card-text\">El presidente de SACE, Guglielmo Picchi, realiz\u00f3 una visita de dos d\u00edas a Quito, capital del Ecuador, primera parada en Am\u00e9rica latina durante su mandato. Acompa\u00f1ado por el embajador de Italia, Giovanni Davoli, Picchi ha tenido varias reuniones con miembros del gobierno, como el ministro de Relaciones Exteriores, Defensa, Producci\u00f3n, Energ\u00eda y el Subsecretario de [&hellip;]<\/p>\n                                <a title=\"Primera etapa del Presidente de SACE, Guglielmo Picchi, en Am\u00e9rica Latina\" class=\"read-more\" href=\"https:\/\/ambquito.esteri.it\/es\/news\/dall_ambasciata\/2026\/04\/primera-etapa-del-presidente-de-sace-guglielmo-picchi-en-america-latina\/\">\n                                    <span class=\"text\">Lee mas<\/span>\n                                    <svg class=\"icon\">\n                                    <use xlink:href=\"https:\/\/ambquito.esteri.it\/wp-content\/themes\/sedi-tema\/assets\/svg\/sprites.svg#it-arrow-right\"><\/use>\n                                    <\/svg>\n                                <\/a>\n                                                    <\/div>\n                    <\/div>\n                <\/div>\n                <!--end card-->\n                <\/div><!-- col-12 .mt-3-->\n                            <div class=\"col-12 mt-3\">\n                <!--start card-->\n                <div class=\"card-wrapper card-space\">\n                    <div class=\"card card-bg card-big border-bottom-card\">\n                        <div class=\"card-body \">\n                                                        <div class=\"category-top\">\n                                                                                                            <span class=\"\">\n                                        <svg class=\"icon icon-secondary\">\n                                            <use xlink:href=\"https:\/\/ambquito.esteri.it\/wp-content\/themes\/sedi-tema\/assets\/svg\/sprites.svg#it-calendar\"><\/use>\n                                        <\/svg> 1 abril 2026                                    <\/span>\n                                                                    <\/div>\n                            <h5 class=\"card-title big-heading text-uppercase\"><a class=\"text-body text-decoration-none\" href=\"https:\/\/ambquito.esteri.it\/es\/news\/dall_ambasciata\/2026\/04\/el-embajador-davoli-se-reune-con-el-nuevo-directorio-de-la-casa-de-italia-de-quito\/\" title=\"El Embajador Davoli se re\u00fane con el nuevo Directorio de la Casa de Italia de Quito\">El Embajador Davoli se re\u00fane con el nuevo Directorio de la Casa de Italia de Quito<\/a><\/h5>\n                            <p class=\"card-text\">El Embajador de Italia en Ecuador, Giovanni Davoli, particip\u00f3 en la asamblea anual de los socios de la Casa de Italia de Quito. En la ocasi\u00f3n fue elegido el nuevo consejo directivo de la asociaci\u00f3n que, desde hace m\u00e1s de 60 a\u00f1os, re\u00fane a los italianos en la capital del Ecuador y contribuye a la [&hellip;]<\/p>\n                                <a title=\"El Embajador Davoli se re\u00fane con el nuevo Directorio de la Casa de Italia de Quito\" class=\"read-more\" href=\"https:\/\/ambquito.esteri.it\/es\/news\/dall_ambasciata\/2026\/04\/el-embajador-davoli-se-reune-con-el-nuevo-directorio-de-la-casa-de-italia-de-quito\/\">\n                                    <span class=\"text\">Lee mas<\/span>\n                                    <svg class=\"icon\">\n                                    <use xlink:href=\"https:\/\/ambquito.esteri.it\/wp-content\/themes\/sedi-tema\/assets\/svg\/sprites.svg#it-arrow-right\"><\/use>\n                                    <\/svg>\n                                <\/a>\n                                                    <\/div>\n                    <\/div>\n                <\/div>\n                <!--end card-->\n                <\/div><!-- col-12 .mt-3-->\n                            <div class=\"col-12 mt-3\">\n                <!--start card-->\n                <div class=\"card-wrapper card-space\">\n                    <div class=\"card card-bg card-big border-bottom-card\">\n                        <div class=\"card-body \">\n                                                        <div class=\"category-top\">\n                                                                                                            <span class=\"\">\n                                        <svg class=\"icon icon-secondary\">\n                                            <use xlink:href=\"https:\/\/ambquito.esteri.it\/wp-content\/themes\/sedi-tema\/assets\/svg\/sprites.svg#it-calendar\"><\/use>\n                                        <\/svg> 16 marzo 2026                                    <\/span>\n                                                                    <\/div>\n                            <h5 class=\"card-title big-heading text-uppercase\"><a class=\"text-body text-decoration-none\" href=\"https:\/\/ambquito.esteri.it\/es\/news\/dall_ambasciata\/2026\/03\/las-papeletas-votadas-deberan-ser-devueltas-a-la-oficina-consular-correspondiente-para-que-lleguen-hasta-las-400-p-m-del-jueves-19-de-marzo\/\" title=\"\u00bfA\u00fan no ha entregado su voto?\">\u00bfA\u00fan no ha entregado su voto?<\/a><\/h5>\n                            <p class=\"card-text\">#Refer\u00e9ndum2026 \u00bfA\u00fan no ha entregado su voto? El sobre con su papeleta votada debe llegar al Consulado hasta las 16h00 del jueves 19 de marzo. Consulte la hoja informativa para obtener instrucciones completas. Si desea votar sobre la \u00abReforma Judicial\u00bb pero no ha recibido su sobre electoral, solicite un duplicado en su Consulado.\u00a0 Para m\u00e1s [&hellip;]<\/p>\n                                <a title=\"\u00bfA\u00fan no ha entregado su voto?\" class=\"read-more\" href=\"https:\/\/ambquito.esteri.it\/es\/news\/dall_ambasciata\/2026\/03\/las-papeletas-votadas-deberan-ser-devueltas-a-la-oficina-consular-correspondiente-para-que-lleguen-hasta-las-400-p-m-del-jueves-19-de-marzo\/\">\n                                    <span class=\"text\">Lee mas<\/span>\n                                    <svg class=\"icon\">\n                                    <use xlink:href=\"https:\/\/ambquito.esteri.it\/wp-content\/themes\/sedi-tema\/assets\/svg\/sprites.svg#it-arrow-right\"><\/use>\n                                    <\/svg>\n                                <\/a>\n                                                    <\/div>\n                    <\/div>\n                <\/div>\n                <!--end card-->\n                <\/div><!-- col-12 .mt-3-->\n                            <div class=\"col-12 mt-3\">\n                <!--start card-->\n                <div class=\"card-wrapper card-space\">\n                    <div class=\"card card-bg card-big border-bottom-card\">\n                        <div class=\"card-body \">\n                                                        <div class=\"category-top\">\n                                                                                                            <span class=\"\">\n                                        <svg class=\"icon icon-secondary\">\n                                            <use xlink:href=\"https:\/\/ambquito.esteri.it\/wp-content\/themes\/sedi-tema\/assets\/svg\/sprites.svg#it-calendar\"><\/use>\n                                        <\/svg> 11 marzo 2026                                    <\/span>\n                                                                    <\/div>\n                            <h5 class=\"card-title big-heading text-uppercase\"><a class=\"text-body text-decoration-none\" href=\"https:\/\/ambquito.esteri.it\/es\/news\/dall_ambasciata\/2026\/03\/becas-ano-academico-2026-2027-ofrecidas-por-el-gobierno-italiano-a-estudiantes-extranjeros\/\" title=\"Becas a\u00f1o acad\u00e9mico 2026-2027 ofrecidas por el Gobierno italiano a estudiantes extranjeros\">Becas a\u00f1o acad\u00e9mico 2026-2027 ofrecidas por el Gobierno italiano a estudiantes extranjeros<\/a><\/h5>\n                            <p class=\"card-text\">El Ministerio de Asuntos Exteriores y Cooperaci\u00f3n Internacional (MAECI) ofrece becas a estudiantes extranjeros para el A\u00f1o Acad\u00e9mico 2026-2027, con el objetivo de favorecer la cooperaci\u00f3n cultural, ciencia y tecnolog\u00eda, la proyecci\u00f3n del sistema econ\u00f3mico de Italia en el mundo y la difusi\u00f3n del conocimiento de la lengua y cultura italiana (Ref. Ley 288\/55 y [&hellip;]<\/p>\n                                <a title=\"Becas a\u00f1o acad\u00e9mico 2026-2027 ofrecidas por el Gobierno italiano a estudiantes extranjeros\" class=\"read-more\" href=\"https:\/\/ambquito.esteri.it\/es\/news\/dall_ambasciata\/2026\/03\/becas-ano-academico-2026-2027-ofrecidas-por-el-gobierno-italiano-a-estudiantes-extranjeros\/\">\n                                    <span class=\"text\">Lee mas<\/span>\n                                    <svg class=\"icon\">\n                                    <use xlink:href=\"https:\/\/ambquito.esteri.it\/wp-content\/themes\/sedi-tema\/assets\/svg\/sprites.svg#it-arrow-right\"><\/use>\n                                    <\/svg>\n                                <\/a>\n                                                    <\/div>\n                    <\/div>\n                <\/div>\n                <!--end card-->\n                <\/div><!-- col-12 .mt-3-->\n                            <div class=\"col-12 mt-3\">\n                <!--start card-->\n                <div class=\"card-wrapper card-space\">\n                    <div class=\"card card-bg card-big border-bottom-card\">\n                        <div class=\"card-body \">\n                                                        <div class=\"category-top\">\n                                                                                                            <span class=\"\">\n                                        <svg class=\"icon icon-secondary\">\n                                            <use xlink:href=\"https:\/\/ambquito.esteri.it\/wp-content\/themes\/sedi-tema\/assets\/svg\/sprites.svg#it-calendar\"><\/use>\n                                        <\/svg> 11 marzo 2026                                    <\/span>\n                                                                    <\/div>\n                            <h5 class=\"card-title big-heading text-uppercase\"><a class=\"text-body text-decoration-none\" href=\"https:\/\/ambquito.esteri.it\/es\/news\/dall_ambasciata\/2026\/03\/el-embajador-davoli-participa-en-las-celebraciones-del-dia-de-la-mujer\/\" title=\"El Embajador Davoli participa en las celebraciones del D\u00eda de la Mujer\">El Embajador Davoli participa en las celebraciones del D\u00eda de la Mujer<\/a><\/h5>\n                            <p class=\"card-text\">El embajador de Italia en Ecuador, Giovanni Davoli, particip\u00f3 en Quito en el foro \u00abMujeres l\u00edderes que transforman los territorios\u00ab, organizado por la Asociaci\u00f3n de Municipios Ecuatorianos (AME), como parte del D\u00eda Internacional de la Mujer. El encuentro reuni\u00f3 a las autoridades locales, internacionales y del Estado para dialogar sobre liderazgo femenino, igualdad de g\u00e9nero [&hellip;]<\/p>\n                                <a title=\"El Embajador Davoli participa en las celebraciones del D\u00eda de la Mujer\" class=\"read-more\" href=\"https:\/\/ambquito.esteri.it\/es\/news\/dall_ambasciata\/2026\/03\/el-embajador-davoli-participa-en-las-celebraciones-del-dia-de-la-mujer\/\">\n                                    <span class=\"text\">Lee mas<\/span>\n                                    <svg class=\"icon\">\n                                    <use xlink:href=\"https:\/\/ambquito.esteri.it\/wp-content\/themes\/sedi-tema\/assets\/svg\/sprites.svg#it-arrow-right\"><\/use>\n                                    <\/svg>\n                                <\/a>\n                                                    <\/div>\n                    <\/div>\n                <\/div>\n                <!--end card-->\n                <\/div><!-- col-12 .mt-3-->\n                            <div class=\"col-12 mt-3\">\n                <!--start card-->\n                <div class=\"card-wrapper card-space\">\n                    <div class=\"card card-bg card-big border-bottom-card\">\n                        <div class=\"card-body \">\n                                                        <div class=\"category-top\">\n                                                                                                            <span class=\"\">\n                                        <svg class=\"icon icon-secondary\">\n                                            <use xlink:href=\"https:\/\/ambquito.esteri.it\/wp-content\/themes\/sedi-tema\/assets\/svg\/sprites.svg#it-calendar\"><\/use>\n                                        <\/svg> 10 marzo 2026                                    <\/span>\n                                                                    <\/div>\n                            <h5 class=\"card-title big-heading text-uppercase\"><a class=\"text-body text-decoration-none\" href=\"https:\/\/ambquito.esteri.it\/es\/news\/dall_ambasciata\/2026\/03\/el-embajador-davoli-abre-la-exposicion-sobre-el-sentiero-italia\/\" title=\"El embajador Davoli abre la exposici\u00f3n sobre el \u00abSentiero Italia\u00bb\">El embajador Davoli abre la exposici\u00f3n sobre el \u00abSentiero Italia\u00bb<\/a><\/h5>\n                            <p class=\"card-text\">El embajador de Italia en Ecuador, Giovanni Davoli, ha abierto en Quito la exposici\u00f3n fotogr\u00e1fica \u00abVa&#8217; Sentiero\u00bb. Una exposici\u00f3n fotogr\u00e1fica y de v\u00eddeo que narra el recorrido del camino \u00abSentiero Italia\u00bb: 8000 kil\u00f3metros de monta\u00f1a a lo largo de todas las regiones italianas, islas incluidas, cada una con sus paisajes \u00fanicos, su historia, sus dialectos, [&hellip;]<\/p>\n                                <a title=\"El embajador Davoli abre la exposici\u00f3n sobre el \u00abSentiero Italia\u00bb\" class=\"read-more\" href=\"https:\/\/ambquito.esteri.it\/es\/news\/dall_ambasciata\/2026\/03\/el-embajador-davoli-abre-la-exposicion-sobre-el-sentiero-italia\/\">\n                                    <span class=\"text\">Lee mas<\/span>\n                                    <svg class=\"icon\">\n                                    <use xlink:href=\"https:\/\/ambquito.esteri.it\/wp-content\/themes\/sedi-tema\/assets\/svg\/sprites.svg#it-arrow-right\"><\/use>\n                                    <\/svg>\n                                <\/a>\n                                                    <\/div>\n                    <\/div>\n                <\/div>\n                <!--end card-->\n                <\/div><!-- col-12 .mt-3-->\n                            <div class=\"col-12 mt-3\">\n                <!--start card-->\n                <div class=\"card-wrapper card-space\">\n                    <div class=\"card card-bg card-big border-bottom-card\">\n                        <div class=\"card-body \">\n                                                        <div class=\"category-top\">\n                                                                                                            <span class=\"\">\n                                        <svg class=\"icon icon-secondary\">\n                                            <use xlink:href=\"https:\/\/ambquito.esteri.it\/wp-content\/themes\/sedi-tema\/assets\/svg\/sprites.svg#it-calendar\"><\/use>\n                                        <\/svg> 5 marzo 2026                                    <\/span>\n                                                                    <\/div>\n                            <h5 class=\"card-title big-heading text-uppercase\"><a class=\"text-body text-decoration-none\" href=\"https:\/\/ambquito.esteri.it\/es\/news\/dall_ambasciata\/2026\/03\/el-secretario-general-de-la-iila-giorgio-silli-clausura-el-primer-foro-internacional-antimafia-italiana\/\" title=\"El Secretario General de la IILA, Giorgio Silli, clausura el Primer Foro Internacional Antimafia Italiana\">El Secretario General de la IILA, Giorgio Silli, clausura el Primer Foro Internacional Antimafia Italiana<\/a><\/h5>\n                            <p class=\"card-text\">El Secretario General de la Organizaci\u00f3n Internacional \u00cdtalo-Latinoamericana (IILA), Giorgio Silli, particip\u00f3 en Quito en la jornada de clausura del Primer Foro Internacional Antimafia Italiana. La iniciativa de ITAJUS, el programa de diplomacia jur\u00eddica italiana en Ecuador ejecutado por la IILA, se llev\u00f3 a cabo durante tres jornadas y cont\u00f3 con la participaci\u00f3n de altos [&hellip;]<\/p>\n                                <a title=\"El Secretario General de la IILA, Giorgio Silli, clausura el Primer Foro Internacional Antimafia Italiana\" class=\"read-more\" href=\"https:\/\/ambquito.esteri.it\/es\/news\/dall_ambasciata\/2026\/03\/el-secretario-general-de-la-iila-giorgio-silli-clausura-el-primer-foro-internacional-antimafia-italiana\/\">\n                                    <span class=\"text\">Lee mas<\/span>\n                                    <svg class=\"icon\">\n                                    <use xlink:href=\"https:\/\/ambquito.esteri.it\/wp-content\/themes\/sedi-tema\/assets\/svg\/sprites.svg#it-arrow-right\"><\/use>\n                                    <\/svg>\n                                <\/a>\n                                                    <\/div>\n                    <\/div>\n                <\/div>\n                <!--end card-->\n                <\/div><!-- col-12 .mt-3-->\n            \n            <div class=\"col-md-12 mt-4 pb-4\">\n                <nav class=\"navigation col-md-12\" aria-label=\"Navigation\">\n                    <h2 class=\"screen-reader-text visually-hidden\">Paginaci\u00f3n<\/h2>\n                    <div class=\"nav-links\">\n                    <span aria-current=\"page\" class=\"page-numbers current\">1<\/span>\n<a class=\"page-numbers\" href=\"https:\/\/ambquito.esteri.it\/es\/wp-json\/wp\/v2\/pages\/169\/?pag=2\">2<\/a>\n<a class=\"page-numbers\" href=\"https:\/\/ambquito.esteri.it\/es\/wp-json\/wp\/v2\/pages\/169\/?pag=3\">3<\/a>\n<span class=\"page-numbers dots\">&hellip;<\/span>\n<a class=\"page-numbers\" href=\"https:\/\/ambquito.esteri.it\/es\/wp-json\/wp\/v2\/pages\/169\/?pag=25\">25<\/a>\n<a class=\"next page-numbers\" href=\"https:\/\/ambquito.esteri.it\/es\/wp-json\/wp\/v2\/pages\/169\/?pag=2\"><svg class=\"icon icon-primary\"><use xlink:href=\"https:\/\/ambquito.esteri.it\/wp-content\/themes\/sedi-tema\/assets\/svg\/sprites.svg#it-chevron-right\"><\/use><\/svg>\n                                    <span class=\"visually-hidden\">Siguiente p\u00e1gina<\/span><\/a>                    <\/div>\n                <\/nav>\n            <\/div>   <!--.col-md-12 -->\n              <\/div><!--.row -->\n              \n","protected":false},"excerpt":{"rendered":"","protected":false},"author":1,"featured_media":0,"parent":168,"menu_order":0,"comment_status":"closed","ping_status":"closed","template":"","meta":{"footnotes":""},"class_list":["post-169","page","type-page","status-publish","hentry"],"_links":{"self":[{"href":"https:\/\/ambquito.esteri.it\/es\/wp-json\/wp\/v2\/pages\/169","targetHints":{"allow":["GET"]}}],"collection":[{"href":"https:\/\/ambquito.esteri.it\/es\/wp-json\/wp\/v2\/pages"}],"about":[{"href":"https:\/\/ambquito.esteri.it\/es\/wp-json\/wp\/v2\/types\/page"}],"author":[{"embeddable":true,"href":"https:\/\/ambquito.esteri.it\/es\/wp-json\/wp\/v2\/users\/1"}],"replies":[{"embeddable":true,"href":"https:\/\/ambquito.esteri.it\/es\/wp-json\/wp\/v2\/comments?post=169"}],"version-history":[{"count":1,"href":"https:\/\/ambquito.esteri.it\/es\/wp-json\/wp\/v2\/pages\/169\/revisions"}],"predecessor-version":[{"id":224,"href":"https:\/\/ambquito.esteri.it\/es\/wp-json\/wp\/v2\/pages\/169\/revisions\/224"}],"up":[{"embeddable":true,"href":"https:\/\/ambquito.esteri.it\/es\/wp-json\/wp\/v2\/pages\/168"}],"wp:attachment":[{"href":"https:\/\/ambquito.esteri.it\/es\/wp-json\/wp\/v2\/media?parent=169"}],"curies":[{"name":"wp","href":"https:\/\/api.w.org\/{rel}","templated":true}]}}