{"id":142,"date":"2023-04-11T18:23:52","date_gmt":"2023-04-11T23:23:52","guid":{"rendered":"https:\/\/ambquito.esteri.it\/diplomazia-economica\/fare-affari-in-equador\/"},"modified":"2026-01-12T13:13:00","modified_gmt":"2026-01-12T18:13:00","slug":"fare-affari-in-equador","status":"publish","type":"page","link":"https:\/\/ambquito.esteri.it\/es\/italia-ed-ecuador\/diplomazia-economica\/fare-affari-in-equador\/","title":{"rendered":"Hacer negocios en Ecuador"},"content":{"rendered":"<p style=\"text-align: justify;\">Para sus requerimientos de importaci\u00f3n de productos de Italia a Ecuador, invitamos a contactar los siguientes oficinas y p\u00e1ginas web:<\/p>\n<p style=\"text-align: justify;\"><strong>Infomercati Esteri, Ecuador:<\/strong><\/p>\n<p style=\"text-align: justify;\">En la p\u00e1gina de <a href=\"https:\/\/www.infomercatiesteri.it\/paese.php?id_paesi=44\" target=\"_blank\" rel=\"noopener\"><strong>Infomercati Esteri (Ecuador) <\/strong><\/a>usted encontrar\u00e1 toda la informaci\u00f3n relacionada con las caracter\u00edsticas del pa\u00eds que le ayudar\u00e1n a tomar una decisi\u00f3n e informarse de mejor manera acerca del Ecuador; la informaci\u00f3n que podr\u00e1 encontrar:<\/p>\n<ul style=\"text-align: justify;\">\n<li>Pol\u00edtica<\/li>\n<li>Econ\u00f3mica<\/li>\n<li>Por qu\u00e9 escoger Ecuador<\/li>\n<li>Riesgos<\/li>\n<li>Acceso al cr\u00e9dito<\/li>\n<li>Turismo<\/li>\n<li>Links \u00fatiles<\/li>\n<li>Entorno de los negocios<\/li>\n<li>Noticias<\/li>\n<li>Overview del pa\u00eds<\/li>\n<\/ul>\n<hr \/>\n<p style=\"text-align: justify;\"><strong>Nexus:<\/strong><\/p>\n<p style=\"text-align: justify;\"><a href=\"https:\/\/nexus.esteri.it\/?sede=235\" target=\"_blank\" rel=\"noopener\"><strong>Nexus<\/strong> <\/a>es la plataforma a trav\u00e9s de la cual las empresas italianas pueden solicitar informaci\u00f3n o dirigir solicitudes de asistencia a la Embajada de referencia y sus oficinas Comerciales, as\u00ed como con la Direcci\u00f3n General de Promoci\u00f3n de Informaci\u00f3n General para la Promoci\u00f3n del Sistema Pa\u00eds de la Farnesina (MAECI).<\/p>\n<hr \/>\n<p style=\"text-align: justify;\"><strong>ICE Bogot\u00e1:<\/strong><\/p>\n<p style=\"text-align: justify;\">Puede ponerse en contacto con la <strong>Oficina Regional ICE<\/strong>, competente para Ecuador, misma que se ubica en Bogot\u00e1:<\/p>\n<p style=\"text-align: justify;\"><strong>Direcci\u00f3n:<\/strong> Calle 93B 9-92 110221, Bogot\u00e1, Colombia<\/p>\n<p style=\"text-align: justify;\"><strong>Horario de atenci\u00f3n:<\/strong> Lunes a Jueves, 8:30 a 16:00, Viernes, 8:30 a 13:30<\/p>\n<p style=\"text-align: justify;\"><strong>Correo:<\/strong> <a href=\"mailto:bogota@ice.it\">bogota@ice.it<\/a><\/p>\n<p style=\"text-align: justify;\"><strong>P\u00e1gina Web:<\/strong> <a href=\"https:\/\/www.ice.it\/en\/markets\/colombia\/bogota\">https:\/\/www.ice.it\/en\/markets\/colombia\/bogota<\/a><\/p>\n<hr \/>\n<p><strong>C\u00e1mara de Comercio Italiana del Ecuador &#8211; CCIE:<\/strong><\/p>\n<p>Puede ponerse en contacto con las oficinas y el personal de la CCIE, a continuaci\u00f3n, la informaci\u00f3n:<\/p>\n<p><strong>Direcci\u00f3n:<\/strong> Italia N30-220 e Vancouver, 170515, Quito, Ecuador<\/p>\n<p><strong>Tel\u00e9fono:<\/strong> +593 99 980 1876<\/p>\n<p><strong>Horario de atenci\u00f3n:<\/strong> de lunes a viernes, de 09:00 a 17:00<\/p>\n<p><strong>Correo:<\/strong> <a href=\"mailto:comercial@cameraitalianaecuador.com\">comercial@cameraitalianaecuador.com<\/a><\/p>\n<p><strong>P\u00e1gina Web:<\/strong> <a href=\"https:\/\/www.cameraitalianaecuador.com\">https:\/\/www.cameraitalianaecuador.com<\/a><\/p>\n<hr \/>\n<p><strong>C\u00e1mara Binacional Ecuatoriano Italiana &#8211; CBEI:<\/strong><\/p>\n<p>Puede ponerse en contacto con las oficinas y el personal de la CBEI, a continuaci\u00f3n, la informaci\u00f3n:<\/p>\n<p><strong>Direcci\u00f3n:<\/strong> Av. Francisco de Orellana y Miguel H. Alc\u00edvar, Centro Empresarial \u201cLas C\u00e1maras\u201d, Torre institucional, piso 5, Guayaquil, Ecuador<\/p>\n<p><strong>Tel\u00e9fono:<\/strong> +593 4 371 3390<\/p>\n<p><strong>Horario de atenci\u00f3n:<\/strong> de lunes a viernes, de 08:00 a 17:00<\/p>\n<p><strong>Correo:<\/strong> <a href=\"mailto:info@ecuadoritalia.com\">info@ecuadoritalia.com<\/a><\/p>\n<p><strong>P\u00e1gina Web:<\/strong> <a href=\"https:\/\/www.ecuadoritalia.com\/\">https:\/\/www.ecuadoritalia.com\/<\/a><\/p>\n<hr \/>\n<p style=\"text-align: justify;\"><strong>Comit\u00e9 Empresarial:<\/strong><\/p>\n<p style=\"text-align: justify;\">El <strong>Comit\u00e9 Empresarial<\/strong> es la organizaci\u00f3n de tercer nivel del sector empresarial que agrupa a federaciones, c\u00e1maras, asociaciones, corporaciones y otros gremios de la industria, el comercio, la construcci\u00f3n, la banca, la salud, la agricultura, la miner\u00eda, el turismo y los servicios para ejercer una representaci\u00f3n en defensa de principios y libertades que son comunes al sector productivo del pa\u00eds.<\/p>\n<p style=\"text-align: justify;\"><strong>Direcci\u00f3n: <\/strong>Amazonas y Rep\u00fablica. Edificio \u201cLas C\u00e1maras\u201d, piso 8, Quito, Ecuador<\/p>\n<p style=\"text-align: justify;\"><strong>Tel\u00e9fono: <\/strong>+593 2 2456 761 &#8211; +593 2 2264 627<\/p>\n<p style=\"text-align: justify;\"><strong>Horario de atenci\u00f3n:<\/strong> Lunes a Viernes, 8:00 a 17:00<\/p>\n<p style=\"text-align: justify;\"><strong>Correo: <\/strong><a href=\"mailto:info@cee.org.ec\">info@cee.org.ec<\/a><\/p>\n<p style=\"text-align: justify;\"><strong>P\u00e1gina Web: <\/strong><a href=\"https:\/\/cee.org.ec\/\">https:\/\/cee.org.ec\/<\/a><\/p>\n<hr \/>\n<p style=\"text-align: justify;\"><strong>Principales C\u00e1maras de Comercio y Producci\u00f3n:<\/strong><\/p>\n<p style=\"text-align: justify;\">Invitamos a contactarse con las principales C\u00e1maras de Comercio y Producci\u00f3n visitando sus sitios web oficiales:<\/p>\n<ul style=\"text-align: justify;\">\n<li>C\u00e1mara de Industrias y Producci\u00f3n, <a href=\"https:\/\/www.cip.org.ec\/\">https:\/\/www.cip.org.ec\/<\/a><\/li>\n<li>C\u00e1mara de Industrias de Guayaquil, <a href=\"https:\/\/www.industrias.ec\/\">https:\/\/www.industrias.ec\/<\/a><\/li>\n<li>C\u00e1mara de Comercio de Quito, <a href=\"https:\/\/ccq.ec\/\">https:\/\/ccq.ec\/<\/a><\/li>\n<li>C\u00e1mara de Comercio de Guayaquil, <a href=\"https:\/\/www.lacamara.org\/website\/\">https:\/\/www.lacamara.org\/website\/<\/a><\/li>\n<li>C\u00e1mara de Comercio de Cuenca, <a href=\"https:\/\/camaracuenca.com\/\">https:\/\/camaracuenca.com\/<\/a><\/li>\n<\/ul>\n<p style=\"text-align: justify;\"><strong>Proecuador:<\/strong><\/p>\n<p style=\"text-align: justify;\">Para conocer a profundidad otras oportunidades de inversi\u00f3n, portafolio de inversiones, servicios e incentivos, invitamos a contactar la oficina comercial de Proecuador:<\/p>\n<p style=\"text-align: justify;\"><strong>Direcci\u00f3n:<\/strong> Malec\u00f3n Sim\u00f3n Bol\u00edvar 100 y 9 de Octubre, Edificio La Previsora piso 18, Guayaquil, Ecuador.<\/p>\n<p style=\"text-align: justify;\"><strong>Tel\u00e9fono:<\/strong> +593 4 2597980<\/p>\n<p style=\"text-align: justify;\"><strong>Horario de atenci\u00f3n:<\/strong> Lunes a Viernes, 8:00 a 17:00<\/p>\n<p style=\"text-align: justify;\"><strong>Correo:<\/strong> <a href=\"mailto:contacto@proecuador.gob.ec\">contacto@proecuador.gob.ec<\/a><\/p>\n<p style=\"text-align: justify;\"><strong>P\u00e1gina Web:<\/strong> <a href=\"https:\/\/www.proecuador.gob.ec\/inversiones-4-2\/\">https:\/\/www.proecuador.gob.ec\/inversiones-4-2\/<\/a><\/p>\n","protected":false},"excerpt":{"rendered":"Para sus requerimientos de importaci\u00f3n de productos de Italia a Ecuador, invitamos a contactar los siguientes oficinas y p\u00e1ginas web: Infomercati Esteri, Ecuador: En la p\u00e1gina de Infomercati Esteri (Ecuador) usted encontrar\u00e1 toda la informaci\u00f3n relacionada con las caracter\u00edsticas del pa\u00eds que le ayudar\u00e1n a tomar una decisi\u00f3n e informarse de mejor manera acerca del [&hellip;]","protected":false},"author":1,"featured_media":0,"parent":133,"menu_order":0,"comment_status":"closed","ping_status":"closed","template":"","meta":{"footnotes":""},"class_list":["post-142","page","type-page","status-publish","hentry"],"_links":{"self":[{"href":"https:\/\/ambquito.esteri.it\/es\/wp-json\/wp\/v2\/pages\/142","targetHints":{"allow":["GET"]}}],"collection":[{"href":"https:\/\/ambquito.esteri.it\/es\/wp-json\/wp\/v2\/pages"}],"about":[{"href":"https:\/\/ambquito.esteri.it\/es\/wp-json\/wp\/v2\/types\/page"}],"author":[{"embeddable":true,"href":"https:\/\/ambquito.esteri.it\/es\/wp-json\/wp\/v2\/users\/1"}],"replies":[{"embeddable":true,"href":"https:\/\/ambquito.esteri.it\/es\/wp-json\/wp\/v2\/comments?post=142"}],"version-history":[{"count":7,"href":"https:\/\/ambquito.esteri.it\/es\/wp-json\/wp\/v2\/pages\/142\/revisions"}],"predecessor-version":[{"id":6594,"href":"https:\/\/ambquito.esteri.it\/es\/wp-json\/wp\/v2\/pages\/142\/revisions\/6594"}],"up":[{"embeddable":true,"href":"https:\/\/ambquito.esteri.it\/es\/wp-json\/wp\/v2\/pages\/133"}],"wp:attachment":[{"href":"https:\/\/ambquito.esteri.it\/es\/wp-json\/wp\/v2\/media?parent=142"}],"curies":[{"name":"wp","href":"https:\/\/api.w.org\/{rel}","templated":true}]}}